{"id":66,"date":"2016-06-13T11:55:49","date_gmt":"2016-06-13T11:55:49","guid":{"rendered":"http:\/\/assemble.edge-themes.com\/?page_id=66"},"modified":"2017-12-19T17:48:19","modified_gmt":"2017-12-19T16:48:19","slug":"team-home","status":"publish","type":"page","link":"http:\/\/ilcmerveilles.com\/","title":{"rendered":"Ivry sur Monde"},"content":{"rendered":"<p>[vc_row row_content_width=\u00a0\u00bbgrid\u00a0\u00bb content_text_aligment=\u00a0\u00bb\u00a0\u00bb use_row_as_full_screen_section=\u00a0\u00bbno\u00a0\u00bb css=\u00a0\u00bb.vc_custom_1466497696350{padding-top: 100px !important;padding-bottom: 70px !important;}\u00a0\u00bb][vc_column]<div class=\"edgtf-elements-holder edgtf-one-column edgtf-responsive-mode-768\" style=\"background-color:#777777;\"><div class=\"edgtf-eh-item edgtf-vertical-alignment-middle edgtf-horizontal-alignment-center\" style=\"background-color: #ffffff\" data-item-class=\"edgtf-eh-custom-291946\" data-1024-1280=\"5% 7% 5% 7%\" data-600-768=\"5% 0% 5% 0%\">\n\t<div class=\"edgtf-eh-item-inner\">\n\t\t<div class=\"edgtf-eh-item-content edgtf-eh-custom-291946\" style=\"padding: 0%5%5%5%\">\n\t\t\t[vc_column_text]<\/p>\n<h4>Ivry sur Monde.<\/h4>\n<p>Des\u00a0vextilles aux\u00a0armoiries l\u2019utilisation des drapeaux \u00e0 toujours \u00e9t\u00e9 un\u00a0symbole d\u2019appartenance, de hi\u00e9rarchie de reconnaissance et de combat identitaire.<br \/>\nLa\u00a0r\u00e9alisation : \u00ab Ivry sur Monde \u00bb\u00a0Nous interroge sur notre propre alt\u00e9rit\u00e9\u00a0et notre aptitude \u00e0 l\u2019empathie :<br \/>\n\u00c0 quel soci\u00e9t\u00e9\u00a0j\u2019appartiens, quel pays, quelle monde ? Ai-je mon libre arbitre ?\u00a0Puis-je me m\u00e9langer aux autres sans \u00eatre d\u00e9savou\u00e9 ? Citoyen du monde, suis-je\u00a0libre de transgresser les codes identitaires\u00a0?\u00a0Europ\u00e9ens,\u00a0fran\u00e7ais, savoyard, breton, la question de notre appartenance est pos\u00e9e.\u00a0Dois-t-on enseigner toutes les langues, apprendre toutes les histoires ou vivre\u00a0dans un monde reclus.<br \/>\nEn France,\u00a0la\u00a0question de la diversit\u00e9 impr\u00e8gne structurellement notre \u00abidentit\u00e9\u00a0nationale \u00bb.\u00a0Nous\u00a0cherchons \u00e0 imposer la mixit\u00e9 autour d\u2019un seul \u00e9tendard comme si celui-ci\u00a0pouvait repr\u00e9senter tous les\u00a0m\u00e9tissages.<br \/>\nL\u2019hybridation\u00a0est la base de la science moderne, du village monde et internet en est le\u00a0pourvoyeur. \u00c0 l\u2019heure du m\u00e9lange globalis\u00e9, peux-ton encore se penser \u00e0 travers\u00a0une identit\u00e9 unique,\u00a0symbolique et nationale.[\/vc_column_text][vc_column_text][\/vc_column_text]\t\t<\/div>\n\t<\/div>\n<\/div><\/div><div class=\"edgtf-portfolio-list-holder edgtf-pl-checkered edgtf-pl-normal-space edgtf-pl-info-on-image-hover edgtf-pl-hover-overlay-background\"  data-next-page=\"2\" data-type=\"checkered\" data-number-of-columns=\"3\" data-space-between-items=\"normal\" data-number-of-items=\"6\" data-image-proportions=\"full\" data-category=\"visual\" data-order-by=\"date\" data-order=\"ASC\" data-info-position=\"on-image-hover\" data-image-hover-type3=\"overlay-background\" data-overlay-content-color3=\"#ffffff\" data-overlay-content-v-align3=\"middle\" data-overlay-content-h-align3=\"center\" data-disable-title=\"no\" data-title-tag=\"h4\" data-disable-category=\"yes\" data-disable-excerpt=\"no\" data-excerpt-length=\"20\" data-show-load-more=\"no\" data-enable-infinite-scroll=\"no\" data-filter=\"no\" data-filter-order-by=\"name\" data-enable-article-animation=\"no\" data-enable-variable-width=\"no\" data-pagination=\"yes\" data-max-num-pages=\"1\"><div class=\"edgtf-pl-inner clearfix\"><article class=\"edgtf-pl-item  post-16964 portfolio-item type-portfolio-item status-publish has-post-thumbnail hentry portfolio-category-visual\">\n\t<div class=\"edgtf-pl-item-inner\">\n\t\t<div class=\"edgtf-pli-image\">\n\t\t\t\t\t\t\t<img loading=\"lazy\" decoding=\"async\" width=\"800\" height=\"600\" src=\"http:\/\/ilcmerveilles.com\/wp-content\/uploads\/2017\/05\/pers-nuit-ivry-monde-6.jpg\" class=\"attachment-assemble_edge_landscape size-assemble_edge_landscape wp-post-image\" alt=\"\" srcset=\"http:\/\/ilcmerveilles.com\/wp-content\/uploads\/2017\/05\/pers-nuit-ivry-monde-6.jpg 800w, http:\/\/ilcmerveilles.com\/wp-content\/uploads\/2017\/05\/pers-nuit-ivry-monde-6-300x225.jpg 300w, http:\/\/ilcmerveilles.com\/wp-content\/uploads\/2017\/05\/pers-nuit-ivry-monde-6-768x576.jpg 768w\" sizes=\"auto, (max-width: 800px) 100vw, 800px\" \/>\t\t\t\t\t\t\t\t\t<\/div>\n\t\t\t\t\t<div class=\"edgtf-pli-text-holder\" style=\"text-align: center\">\n\t\t\t\t<div class=\"edgtf-pli-text-wrapper\">\n\t\t\t\t\t<div class=\"edgtf-pli-text\" style=\"vertical-align: middle\">\n\t\t\t\t\t\t\t\t\t\t\t\t\t\t\t\t\t\t\t<h4 itemprop=\"name\" class=\"edgtf-pli-title entry-title\" style=\"color: #ffffff\">\n\t\t\t\t\t\t\t\tAvenue Georges Gosnat \/ Ivry sur Monde \/ 1\t\t\t\t\t\t\t<\/h4>\n\t\t\t\t\t\t\n\t\t\t\t\t\t\t\t\t\t\t\n\t\t\t\t\t\t\t\t\t\t\t\t\t<p itemprop=\"description\" class=\"edgtf-pli-excerpt\" style=\"color: #ffffff\"><\/p>\n\t\t\t\t\t\t\t\t\t\t\t\t\t\t\t\t\t<\/div>\n\t\t\t\t<\/div>\n\t\t\t<\/div>\n\t\t\t\t<a itemprop=\"url\" class=\"edgtf-pli-link\" href=\"http:\/\/ilcmerveilles.com\/index.php\/portfolio-item\/the-flower-bomb-2-3\/\" target=\"_self\"><\/a>\n\t<\/div>\n<\/article><article class=\"edgtf-pl-item  post-16961 portfolio-item type-portfolio-item status-publish has-post-thumbnail hentry portfolio-category-visual\">\n\t<div class=\"edgtf-pl-item-inner\">\n\t\t<div class=\"edgtf-pli-image\">\n\t\t\t\t\t\t\t<img loading=\"lazy\" decoding=\"async\" width=\"600\" height=\"900\" src=\"http:\/\/ilcmerveilles.com\/wp-content\/uploads\/2017\/12\/pers-nuit-ivry-monde-2.jpg\" class=\"attachment-assemble_edge_portrait size-assemble_edge_portrait wp-post-image\" alt=\"\" srcset=\"http:\/\/ilcmerveilles.com\/wp-content\/uploads\/2017\/12\/pers-nuit-ivry-monde-2.jpg 600w, http:\/\/ilcmerveilles.com\/wp-content\/uploads\/2017\/12\/pers-nuit-ivry-monde-2-200x300.jpg 200w\" sizes=\"auto, (max-width: 600px) 100vw, 600px\" \/>\t\t\t\t\t\t\t\t\t<\/div>\n\t\t\t\t\t<div class=\"edgtf-pli-text-holder\" style=\"text-align: center\">\n\t\t\t\t<div class=\"edgtf-pli-text-wrapper\">\n\t\t\t\t\t<div class=\"edgtf-pli-text\" style=\"vertical-align: middle\">\n\t\t\t\t\t\t\t\t\t\t\t\t\t\t\t\t\t\t\t<h4 itemprop=\"name\" class=\"edgtf-pli-title entry-title\" style=\"color: #ffffff\">\n\t\t\t\t\t\t\t\tAvenue Georges Gosnat \/ Ivry sur Monde \/ 2\t\t\t\t\t\t\t<\/h4>\n\t\t\t\t\t\t\n\t\t\t\t\t\t\t\t\t\t\t\n\t\t\t\t\t\t\t\t\t\t\t\t\t<p itemprop=\"description\" class=\"edgtf-pli-excerpt\" style=\"color: #ffffff\"><\/p>\n\t\t\t\t\t\t\t\t\t\t\t\t\t\t\t\t\t<\/div>\n\t\t\t\t<\/div>\n\t\t\t<\/div>\n\t\t\t\t<a itemprop=\"url\" class=\"edgtf-pli-link\" href=\"http:\/\/ilcmerveilles.com\/index.php\/portfolio-item\/deconstructing-shapes-3-3\/\" target=\"_self\"><\/a>\n\t<\/div>\n<\/article><article class=\"edgtf-pl-item  post-16959 portfolio-item type-portfolio-item status-publish has-post-thumbnail hentry portfolio-category-visual\">\n\t<div class=\"edgtf-pl-item-inner\">\n\t\t<div class=\"edgtf-pli-image\">\n\t\t\t\t\t\t\t<img loading=\"lazy\" decoding=\"async\" width=\"600\" height=\"900\" src=\"http:\/\/ilcmerveilles.com\/wp-content\/uploads\/2017\/05\/pers-nuit-ivry-monde-3.jpg\" class=\"attachment-assemble_edge_portrait size-assemble_edge_portrait wp-post-image\" alt=\"\" srcset=\"http:\/\/ilcmerveilles.com\/wp-content\/uploads\/2017\/05\/pers-nuit-ivry-monde-3.jpg 600w, http:\/\/ilcmerveilles.com\/wp-content\/uploads\/2017\/05\/pers-nuit-ivry-monde-3-200x300.jpg 200w\" sizes=\"auto, (max-width: 600px) 100vw, 600px\" \/>\t\t\t\t\t\t\t\t\t<\/div>\n\t\t\t\t\t<div class=\"edgtf-pli-text-holder\" style=\"text-align: center\">\n\t\t\t\t<div class=\"edgtf-pli-text-wrapper\">\n\t\t\t\t\t<div class=\"edgtf-pli-text\" style=\"vertical-align: middle\">\n\t\t\t\t\t\t\t\t\t\t\t\t\t\t\t\t\t\t\t<h4 itemprop=\"name\" class=\"edgtf-pli-title entry-title\" style=\"color: #ffffff\">\n\t\t\t\t\t\t\t\tAvenue Georges Gosnat \/ Ivry sur Monde \/ 3\t\t\t\t\t\t\t<\/h4>\n\t\t\t\t\t\t\n\t\t\t\t\t\t\t\t\t\t\t\n\t\t\t\t\t\t\t\t\t\t\t\t\t<p itemprop=\"description\" class=\"edgtf-pli-excerpt\" style=\"color: #ffffff\"><\/p>\n\t\t\t\t\t\t\t\t\t\t\t\t\t\t\t\t\t<\/div>\n\t\t\t\t<\/div>\n\t\t\t<\/div>\n\t\t\t\t<a itemprop=\"url\" class=\"edgtf-pli-link\" href=\"http:\/\/ilcmerveilles.com\/index.php\/portfolio-item\/minimalistic-room-3-3-2\/\" target=\"_self\"><\/a>\n\t<\/div>\n<\/article><article class=\"edgtf-pl-item  post-16960 portfolio-item type-portfolio-item status-publish has-post-thumbnail hentry portfolio-category-visual\">\n\t<div class=\"edgtf-pl-item-inner\">\n\t\t<div class=\"edgtf-pli-image\">\n\t\t\t\t\t\t\t<img loading=\"lazy\" decoding=\"async\" width=\"800\" height=\"600\" src=\"http:\/\/ilcmerveilles.com\/wp-content\/uploads\/2017\/05\/pers-nuit-ivry-monde-4.jpg\" class=\"attachment-assemble_edge_landscape size-assemble_edge_landscape wp-post-image\" alt=\"\" srcset=\"http:\/\/ilcmerveilles.com\/wp-content\/uploads\/2017\/05\/pers-nuit-ivry-monde-4.jpg 800w, http:\/\/ilcmerveilles.com\/wp-content\/uploads\/2017\/05\/pers-nuit-ivry-monde-4-300x225.jpg 300w, http:\/\/ilcmerveilles.com\/wp-content\/uploads\/2017\/05\/pers-nuit-ivry-monde-4-768x576.jpg 768w\" sizes=\"auto, (max-width: 800px) 100vw, 800px\" \/>\t\t\t\t\t\t\t\t\t<\/div>\n\t\t\t\t\t<div class=\"edgtf-pli-text-holder\" style=\"text-align: center\">\n\t\t\t\t<div class=\"edgtf-pli-text-wrapper\">\n\t\t\t\t\t<div class=\"edgtf-pli-text\" style=\"vertical-align: middle\">\n\t\t\t\t\t\t\t\t\t\t\t\t\t\t\t\t\t\t\t<h4 itemprop=\"name\" class=\"edgtf-pli-title entry-title\" style=\"color: #ffffff\">\n\t\t\t\t\t\t\t\tAvenue Georges Gosnat \/ Ivry sur Monde \/ 4\t\t\t\t\t\t\t<\/h4>\n\t\t\t\t\t\t\n\t\t\t\t\t\t\t\t\t\t\t\n\t\t\t\t\t\t\t\t\t\t\t\t\t<p itemprop=\"description\" class=\"edgtf-pli-excerpt\" style=\"color: #ffffff\"><\/p>\n\t\t\t\t\t\t\t\t\t\t\t\t\t\t\t\t\t<\/div>\n\t\t\t\t<\/div>\n\t\t\t<\/div>\n\t\t\t\t<a itemprop=\"url\" class=\"edgtf-pli-link\" href=\"http:\/\/ilcmerveilles.com\/index.php\/portfolio-item\/bending-the-spoon-2-3\/\" target=\"_self\"><\/a>\n\t<\/div>\n<\/article><article class=\"edgtf-pl-item  post-16957 portfolio-item type-portfolio-item status-publish has-post-thumbnail hentry portfolio-category-visual\">\n\t<div class=\"edgtf-pl-item-inner\">\n\t\t<div class=\"edgtf-pli-image\">\n\t\t\t\t\t\t\t<img loading=\"lazy\" decoding=\"async\" width=\"800\" height=\"600\" src=\"http:\/\/ilcmerveilles.com\/wp-content\/uploads\/2017\/12\/focus-nuit-ivry-monde-2.jpg\" class=\"attachment-assemble_edge_landscape size-assemble_edge_landscape wp-post-image\" alt=\"\" srcset=\"http:\/\/ilcmerveilles.com\/wp-content\/uploads\/2017\/12\/focus-nuit-ivry-monde-2.jpg 800w, http:\/\/ilcmerveilles.com\/wp-content\/uploads\/2017\/12\/focus-nuit-ivry-monde-2-300x225.jpg 300w, http:\/\/ilcmerveilles.com\/wp-content\/uploads\/2017\/12\/focus-nuit-ivry-monde-2-768x576.jpg 768w\" sizes=\"auto, (max-width: 800px) 100vw, 800px\" \/>\t\t\t\t\t\t\t\t\t<\/div>\n\t\t\t\t\t<div class=\"edgtf-pli-text-holder\" style=\"text-align: center\">\n\t\t\t\t<div class=\"edgtf-pli-text-wrapper\">\n\t\t\t\t\t<div class=\"edgtf-pli-text\" style=\"vertical-align: middle\">\n\t\t\t\t\t\t\t\t\t\t\t\t\t\t\t\t\t\t\t<h4 itemprop=\"name\" class=\"edgtf-pli-title entry-title\" style=\"color: #ffffff\">\n\t\t\t\t\t\t\t\tAvenue Georges Gosnat \/ Ivry sur Monde \/ 5\t\t\t\t\t\t\t<\/h4>\n\t\t\t\t\t\t\n\t\t\t\t\t\t\t\t\t\t\t\n\t\t\t\t\t\t\t\t\t\t\t\t\t<p itemprop=\"description\" class=\"edgtf-pli-excerpt\" style=\"color: #ffffff\"><\/p>\n\t\t\t\t\t\t\t\t\t\t\t\t\t\t\t\t\t<\/div>\n\t\t\t\t<\/div>\n\t\t\t<\/div>\n\t\t\t\t<a itemprop=\"url\" class=\"edgtf-pli-link\" href=\"http:\/\/ilcmerveilles.com\/index.php\/portfolio-item\/the-sculptor-dreams-5\/\" target=\"_self\"><\/a>\n\t<\/div>\n<\/article><article class=\"edgtf-pl-item  post-16946 portfolio-item type-portfolio-item status-publish has-post-thumbnail hentry portfolio-category-visual\">\n\t<div class=\"edgtf-pl-item-inner\">\n\t\t<div class=\"edgtf-pli-image\">\n\t\t\t\t\t\t\t<img loading=\"lazy\" decoding=\"async\" width=\"600\" height=\"900\" src=\"http:\/\/ilcmerveilles.com\/wp-content\/uploads\/2017\/12\/pers-nuit-ivry-monde.jpg\" class=\"attachment-assemble_edge_portrait size-assemble_edge_portrait wp-post-image\" alt=\"\" srcset=\"http:\/\/ilcmerveilles.com\/wp-content\/uploads\/2017\/12\/pers-nuit-ivry-monde.jpg 600w, http:\/\/ilcmerveilles.com\/wp-content\/uploads\/2017\/12\/pers-nuit-ivry-monde-200x300.jpg 200w\" sizes=\"auto, (max-width: 600px) 100vw, 600px\" \/>\t\t\t\t\t\t\t\t\t<\/div>\n\t\t\t\t\t<div class=\"edgtf-pli-text-holder\" style=\"text-align: center\">\n\t\t\t\t<div class=\"edgtf-pli-text-wrapper\">\n\t\t\t\t\t<div class=\"edgtf-pli-text\" style=\"vertical-align: middle\">\n\t\t\t\t\t\t\t\t\t\t\t\t\t\t\t\t\t\t\t<h4 itemprop=\"name\" class=\"edgtf-pli-title entry-title\" style=\"color: #ffffff\">\n\t\t\t\t\t\t\t\tAvenue Georges Gosnat \/ Ivry sur Monde \/ 6\t\t\t\t\t\t\t<\/h4>\n\t\t\t\t\t\t\n\t\t\t\t\t\t\t\t\t\t\t\n\t\t\t\t\t\t\t\t\t\t\t\t\t<p itemprop=\"description\" class=\"edgtf-pli-excerpt\" style=\"color: #ffffff\"><\/p>\n\t\t\t\t\t\t\t\t\t\t\t\t\t\t\t\t\t<\/div>\n\t\t\t\t<\/div>\n\t\t\t<\/div>\n\t\t\t\t<a itemprop=\"url\" class=\"edgtf-pli-link\" href=\"http:\/\/ilcmerveilles.com\/index.php\/portfolio-item\/minimalistic-room-3-4\/\" target=\"_self\"><\/a>\n\t<\/div>\n<\/article><\/div><\/div>[\/vc_column][\/vc_row]<\/p>\n","protected":false},"excerpt":{"rendered":"<p>[vc_row row_content_width=\u00a0\u00bbgrid\u00a0\u00bb content_text_aligment=\u00a0\u00bb\u00a0\u00bb use_row_as_full_screen_section=\u00a0\u00bbno\u00a0\u00bb css=\u00a0\u00bb.vc_custom_1466497696350{padding-top: 100px !important;padding-bottom: 70px !important;}\u00a0\u00bb][vc_column][\/vc_column][\/vc_row]<\/p>\n","protected":false},"author":1,"featured_media":0,"parent":0,"menu_order":0,"comment_status":"closed","ping_status":"closed","template":"full-width.php","meta":{"_exactmetrics_skip_tracking":false,"_exactmetrics_sitenote_active":false,"_exactmetrics_sitenote_note":"","_exactmetrics_sitenote_category":0,"footnotes":""},"class_list":["post-66","page","type-page","status-publish","hentry"],"_links":{"self":[{"href":"http:\/\/ilcmerveilles.com\/index.php\/wp-json\/wp\/v2\/pages\/66","targetHints":{"allow":["GET"]}}],"collection":[{"href":"http:\/\/ilcmerveilles.com\/index.php\/wp-json\/wp\/v2\/pages"}],"about":[{"href":"http:\/\/ilcmerveilles.com\/index.php\/wp-json\/wp\/v2\/types\/page"}],"author":[{"embeddable":true,"href":"http:\/\/ilcmerveilles.com\/index.php\/wp-json\/wp\/v2\/users\/1"}],"replies":[{"embeddable":true,"href":"http:\/\/ilcmerveilles.com\/index.php\/wp-json\/wp\/v2\/comments?post=66"}],"version-history":[{"count":32,"href":"http:\/\/ilcmerveilles.com\/index.php\/wp-json\/wp\/v2\/pages\/66\/revisions"}],"predecessor-version":[{"id":16986,"href":"http:\/\/ilcmerveilles.com\/index.php\/wp-json\/wp\/v2\/pages\/66\/revisions\/16986"}],"wp:attachment":[{"href":"http:\/\/ilcmerveilles.com\/index.php\/wp-json\/wp\/v2\/media?parent=66"}],"curies":[{"name":"wp","href":"https:\/\/api.w.org\/{rel}","templated":true}]}}